{"id":603,"date":"2015-03-09T14:32:03","date_gmt":"2015-03-09T14:32:03","guid":{"rendered":"http:\/\/carreraencierro.com\/carrera-del-encierro\/?page_id=603"},"modified":"2025-04-24T16:24:41","modified_gmt":"2025-04-24T16:24:41","slug":"ohorezko-koadroa","status":"publish","type":"page","link":"https:\/\/carreraencierro.com\/carrera-del-encierro\/ohorezko-koadroa\/","title":{"rendered":"Ohorezko koadroa"},"content":{"rendered":"<div id=\"pl-603\"  class=\"panel-layout\" ><div id=\"pg-603-0\"  class=\"panel-grid panel-no-style\" ><div id=\"pgc-603-0-0\"  class=\"panel-grid-cell\" ><div id=\"panel-603-0-0-0\" class=\"so-panel widget widget_text panel-first-child panel-last-child\" data-index=\"0\" >\t\t\t<div class=\"textwidget\"><style type=\"text\/css\">table {border-spacing: 35px;\nborder-collapse: separate;}\ntd {text-align: left; padding-left: 30px; padding-top: 15px; padding-bottom: 15px; border: 2px solid #000; font-family: 'Raleway';}\n<\/style>\n<table align=\"center\" border=\"1\" cellspacing=\"35\" width=\"100%\">\n<tbody>\n<tr>\n<td\nstyle=\"background-color: rgb(52, 57, 139); color: rgb(255, 255, 255); font-weight: bold; text-align: center;\">1967ko\nUztailaren 2a<\/td>\n<td\nstyle=\"background-color: rgb(52, 57, 139); color: rgb(255, 255, 255); font-weight: bold; text-align: center;\">1971ko\nAzaroaren 28a<\/td>\n<\/tr>\n<tr>\n<td><b><font face=\"Times New Roman,Times\">Jes\u00fas\nM\u00aa&nbsp;\nAzcona&nbsp;<\/font><\/b><\/td>\n<td><b>Enrique\nS\u00e1nchez Sacrist\u00e1n<br>\n<\/b>Pop-(Jes\u00fas M.\nGast\u00f3n)<\/td>\n<\/tr>\n<tr>\n<td colspan=\"2\" style=\"border: 0pt none ; padding: 0pt;\">&nbsp;<\/td>\n<\/tr>\n<tr>\n<td\nstyle=\"background-color: rgb(52, 57, 139); color: rgb(255, 255, 255); font-weight: bold; text-align: center;\">1980ko\nMartxoaren 30a<\/td>\n<td\nstyle=\"background-color: rgb(52, 57, 139); color: rgb(255, 255, 255); font-weight: bold; text-align: center;\">1982ko\nMaiatzaren 16a <\/td>\n<\/tr>\n<tr>\n<td>Gizonezkoa: <b>Jes\u00fas\nArmend\u00e1riz<\/b> <br>\nEmakumezkoa: <b>Ana Isabel\nOqui\u00f1ena<\/b> <br>\nAitona:&nbsp;<b>\nJos\u00e9 L.\nBiurrun<\/b><\/td>\n<td>Gizonezkoa: <b>Enrique\nS.Sacrist\u00e1n<\/b> <br>\nEmakumezkoa: <b>Luisa M.\nBustamante<\/b> <br>\nAitona:&nbsp;<b>\nJos\u00e9 L.\nBiurrun<\/b><\/td>\n<\/tr>\n<tr>\n<td colspan=\"2\" style=\"border: 0pt none ; padding: 0pt;\">&nbsp;<\/td>\n<\/tr>\n<tr>\n<td\nstyle=\"background-color: rgb(52, 57, 139); color: rgb(255, 255, 255); font-weight: bold; text-align: center;\">1987ko\nEkainaren 28a<\/td>\n<td\nstyle=\"background-color: rgb(52, 57, 139); color: rgb(255, 255, 255); font-weight: bold; text-align: center;\">1988ko\nUztailaren 3a<\/td>\n<\/tr>\n<tr>\n<td>Gizonezkoa: <b>Enrique\nS\u00e1nchez Sacrist\u00e1n<\/b> <br>\nEmakumezkoa: <b>Beatriz Weiler<\/b> <br>\nAitona:&nbsp;<b> Alberto\nSerrano<\/b> <br>\nMutikoak: <b>Efr\u00e9n\nGo\u00f1i<\/b> <br>\nNeskatoak: <b>Maite Bergera<\/b> <br>\nTxiki (M): <b>I\u00f1igo\nPardo<\/b> <br>\nTxiki (N): <b>Rosa M\u00aa\nFern\u00e1ndez<\/b><\/td>\n<td>Gizonezkoa: <b>Juan\nRivero <\/b>(P-Alfredo Gil) <br>\nEmakumezkoa:&nbsp; <b>Beatriz\nWeiler<\/b> (P-Alicia\nGarc\u00eda) <br>\nAitona:&nbsp;<b> Jose Luis\nG\u00f3mez<\/b> <br>\nMutikoak: <b>Alberto Baquedano<\/b> <br>\nNeskatoak: <b>Rosa M\u00aa\nFern\u00e1ndez<\/b> <br>\nTxiki (M): <b>David Sanz<\/b> <br>\nTxiki (N): <b>Miriam Pinillos<\/b><\/td>\n<\/tr>\n<tr>\n<td colspan=\"2\" style=\"border: 0pt none ; padding: 0pt;\">&nbsp;<\/td>\n<\/tr>\n<tr>\n<td\nstyle=\"background-color: rgb(52, 57, 139); color: rgb(255, 255, 255); font-weight: bold; text-align: center;\">1989ko\nUztailaren 2a<\/td>\n<td\nstyle=\"background-color: rgb(52, 57, 139); color: rgb(255, 255, 255); font-weight: bold; text-align: center;\">1990ko\nUztailaren 1a<\/td>\n<\/tr>\n<tr>\n<td>Gizonezkoa: <b>Juan\nRivero <\/b>(P-Fernando\nIbargar\u00e1n) <br>\nEmakumezkoa: <b>Beatriz Weiler <\/b>(P-Ana\nGordillo) <br>\nAitona:&nbsp; <b>Alberto\nSerrano<\/b> <br>\nMutikoak: <b>Luis Delso<\/b> <br>\nNeskatoak: <b>Iosune Rivero<\/b> <br>\nTxiki (M): <b>Andr\u00e9s\nCatena<\/b> <br>\nTxiki (N): <b>Miriam Pinillos<\/b><\/td>\n<td>Gizonezkoa: <b>Andr\u00e9s\nMartinez<\/b> (P-Alfredo Gil) <br>\nEmakumezkoa: <b>Miriam Pinillos <\/b>(P-Ana\nGordillo) <br>\nAitona:&nbsp; <b>Alberto\nSerrano<\/b> <br>\nMutikoak: <b>Luis Delso<\/b> <br>\nNeskatoak: <b>Olga Malumbres<\/b> <br>\nTxiki (M): <b>Alexis Iturbide<\/b> <br>\nTxiki (N): <b>Miriam Pinillos<\/b><\/td>\n<\/tr>\n<tr>\n<td colspan=\"2\" style=\"border: 0pt none ; padding: 0pt;\">&nbsp;<\/td>\n<\/tr>\n<tr>\n<td\nstyle=\"background-color: rgb(52, 57, 139); color: rgb(255, 255, 255); font-weight: bold; text-align: center;\">1991ko\nEkainaren 30a<\/td>\n<td\nstyle=\"background-color: rgb(52, 57, 139); color: rgb(255, 255, 255); font-weight: bold; text-align: center;\">1993ko\nEkainaren 27a<\/td>\n<\/tr>\n<tr>\n<td>Gizonezkoa: <b>Enrique\nS\u00e1nchez Sacrist\u00e1n <\/b>(P-Alfredo\nGil) <br>\nAitona: <b>Gregorio Vallejo<\/b> <br>\nAmona:&nbsp; <b>Elena Schober<\/b> <br>\nMutikoak: <b>Antonio\nEcheverr\u00eda<\/b> <br>\nTxiki (M): <b>Daniel Yaben<\/b><\/td>\n<td>Gizonezkoa: <b>Alberto\nMadrid<\/b> <br>\nEmakumezkoa: <b>Irene Labeaga<\/b><\/td>\n<\/tr>\n<tr>\n<td colspan=\"2\" style=\"border: 0pt none ; padding: 0pt;\">&nbsp;<\/td>\n<\/tr>\n<tr>\n<td\nstyle=\"background-color: rgb(52, 57, 139); color: rgb(255, 255, 255); font-weight: bold; text-align: center;\">1994ko\nEkainaren 26a<\/td>\n<td\nstyle=\"background-color: rgb(52, 57, 139); color: rgb(255, 255, 255); font-weight: bold; text-align: center;\">1995ko\nEkainaren 25a<\/td>\n<\/tr>\n<tr>\n<td>Gizonezkoa: <b>David\nHuarte <\/b>(P-Joaqu\u00edn\nReyes) <br>\nEmakumezkoa: <b>Vanessa Yubero (P)<\/b> <br>\nMutikoak: <b>Jes\u00fas M.\nEcharte<\/b> <br>\nTxiki (M): <b>Javier Yubero<\/b><\/td>\n<td>Gizonezkoa:<b>\nPaco Ayestar\u00e1n <\/b>(P-Jos\u00e9\nM\u00aa Ordoyo) <br>\nEmakumezkoa: <b>Olga Malumbres <\/b>(P)<\/td>\n<\/tr>\n<tr>\n<td colspan=\"2\" style=\"border: 0pt none ; padding: 0pt;\">&nbsp;<\/td>\n<\/tr>\n<tr>\n<td\nstyle=\"background-color: rgb(52, 57, 139); color: rgb(255, 255, 255); font-weight: bold; text-align: center;\">1996ko\nEkainaren 23a<\/td>\n<td\nstyle=\"background-color: rgb(52, 57, 139); color: rgb(255, 255, 255); font-weight: bold; text-align: center;\">1997ko\nEkainaren 29a<\/td>\n<\/tr>\n<tr>\n<td style=\"text-align: left;\">Gizonezkoa: <b>Pablo Arrastia <\/b>(P-Jos\u00e9\nM\u00aa\nOrdoyo) <br>\nEmakumezkoa: <b>Olga Malumbres<\/b> <br>\nAitona:&nbsp; <b>Patxi\nMendiburu<\/b> <br>\nMutikoak: <b>Ferm\u00edn\nBaker<\/b> <br>\nNeskatoak: <b>Edurne Vicente<\/b> <br>\nTxiki (M): <b>Benjam\u00edn\nArias<\/b> <br>\nTxiki (N): <b>Eider Zabalegui<\/b><\/td>\n<td style=\"text-align: left;\">Gizonezkoa: <b>Jos\u00e9 M.\nVillar Del Saz <\/b>(P-Roberto\nEspiga) <br>\nEmakumezkoa: <b>Rosa M\u00aa\nArias <\/b>(P-Cristina Zozaya) <br>\nAitona:&nbsp; <b>Eduardo\nRobles<\/b> <br>\nAmona: <b>M\u00aa\nJes\u00fas Azurza<\/b> <br>\nMutikoak: <b>David Palomo<\/b> <br>\nNeskatoak: <b>Mar\u00eda\nMoral<\/b> <br>\nTxiki (M): <b>Jos\u00e9\nJavier Eguaras<\/b> <br>\nTxiki (N):<b> Tamara Cifuentes<\/b><\/td>\n<\/tr>\n<tr>\n<td colspan=\"2\" style=\"border: 0pt none ; padding: 0pt;\">&nbsp;<\/td>\n<\/tr>\n<tr>\n<td\nstyle=\"background-color: rgb(52, 57, 139); color: rgb(255, 255, 255); font-weight: bold; text-align: center;\">1998ko\nEkainaren 28a<\/td>\n<td\nstyle=\"background-color: rgb(52, 57, 139); color: rgb(255, 255, 255); font-weight: bold; text-align: center;\">1999ko\nUztailaren 4a<\/td>\n<\/tr>\n<tr>\n<td style=\"text-align: left;\">Gizonezkoa: <b>Miguel Angel Ruiz<\/b>\n(P-Oscar\nGarde) <br>\nEmakumezkoa: <b>Sagrario Izquierdo<\/b>\n(P-Itziar Zubillaga) <br>\nAitona:&nbsp; <b>Juan<\/b> <b>Rivero<\/b> <br>\nAmona: <b>Mar\u00eda Suarez<\/b> <br>\nMutikoak: <b>Javier I. Valdemoros<\/b> <br>\nNeskatoak: <b>Andrea Razkin<\/b> <br>\nTxiki (M): <b>Juan Arriazu<\/b> <br>\nTxiki (N):<b> Amaia Jauregi<\/b><\/td>\n<td style=\"text-align: left;\">Gizonezkoa: <b>Rafa Maritxalar <\/b>(P-Oscar\nGarde) <br>\nEmakumezkoa: <b>Sagrario\nIzquierdo <\/b>(P-Esther Irigoyen) <br>\nAitona:&nbsp; <b>Juan<\/b> <b>Rivero<\/b> <br>\nAmona: <b>Mar\u00eda Suarez<\/b> <br>\nMutikoak: <b>Jon Arregui<\/b> <br>\nNeskatoak: <b>Andrea Razkin<\/b> <br>\nTxiki (M): <b>Ander Viguri<\/b> <br>\nTxiki (N):<b> Garbi\u00f1e\nNistal<\/b><\/td>\n<\/tr>\n<tr>\n<td colspan=\"2\" style=\"border: 0pt none ; padding: 0pt;\">&nbsp;<\/td>\n<\/tr>\n<tr>\n<td\nstyle=\"background-color: rgb(52, 57, 139); color: rgb(255, 255, 255); font-weight: bold; text-align: center;\">2000ko\nUztailaren 2a<\/td>\n<td\nstyle=\"background-color: rgb(52, 57, 139); color: rgb(255, 255, 255); font-weight: bold; text-align: center;\">2001eko\nUztailaren 1a<\/td>\n<\/tr>\n<tr>\n<td width=\"50%\">\n<p align=\"left\">Gizonezkoa: <strong>Ra\u00fal\nAmatriain<\/strong>&nbsp;\n(P- Elmilouidi Badine) <br>\nEmakumezkoa: <b>Sagrario Izquierdo<\/b>\n(P-Mari Jose Dronda) <br>\nAitona:&nbsp; <b>Juan<\/b> <b>Rivero<\/b> <br>\nAmona: <b>Lourdes Alonso<\/b> <br>\nMutikoak: <b>Jos\u00e9\nAngel Esnaola<\/b> <br>\nNeskatoak: <b>Claudia Robert<\/b> <br>\nTxiki (M): <b>Asier Urkia<\/b> <br>\nTxiki (N):<b> Mar\u00eda\nCerezo<\/b><\/p>\n<\/td>\n<td width=\"50%\">\n<p align=\"left\">Gizonezkoa: <strong>Txomin Martin<\/strong>&nbsp;\n(P- Pablo Arrastia) <br>\nEmakumezkoa: <b>Sagrario Izquierdo<\/b>\n(P-Tamara Cifuentes) <br>\nAitona:&nbsp; <b>Juan<\/b> <b>Rivero<\/b> <br>\nAmona: <b>Julia Hernandez<\/b> <br>\nMutikoak: <b>Asier Estarriaga<\/b> <br>\nNeskatoak: <b>Eider Delas<\/b> <br>\nTxiki (M): <b>David Morella<\/b> <br>\nTxiki (N):<b> Itsaso Oloriz<\/b> <\/p>\n<\/td>\n<\/tr>\n<tr>\n<td colspan=\"2\" style=\"border: 0pt none ; padding: 0pt;\">&nbsp;<\/td>\n<\/tr>\n<tr>\n<td\nstyle=\"background-color: rgb(52, 57, 139); color: rgb(255, 255, 255); font-weight: bold; text-align: center;\">2002ko\nEkainaren 30a<\/td>\n<td\nstyle=\"background-color: rgb(52, 57, 139); color: rgb(255, 255, 255); font-weight: bold; text-align: center;\">2003ko\nEkainaren 29an<\/td>\n<\/tr>\n<tr>\n<td width=\"50%\">\n<p align=\"left\">Gizonezkoa: <strong>Pablo San\nMart\u00edn<\/strong>\n(P- Fernando Villar) <br>\nEmakumezkoa: <b>Leyre Medina<\/b>\n(P-Lorena Arnedo) <br>\nAitona:&nbsp; <b>Juan<\/b> <b>Rivero<\/b>\n(P- Juan M\u00aa Esain) <br>\nAmona: <b>Mar\u00eda Suarez<\/b> <br>\nMutikoak: <b>Gillermo Castillo<\/b> <br>\nNeskatoak: <b>Eider Delas<\/b><br>\nTxiki (M): <b>David Morella<\/b><br>\nTxiki (N):<b> Itsaso Oloriz<\/b> <\/p>\n<\/td>\n<td width=\"50%\">\n<p align=\"left\">Gizonezkoa: <strong>Pablo San\nMart\u00edn<\/strong>\n(P- Inazio Murillo) <br>\nEmakumezkoa: <b>Nieves Zarza<\/b>\n(P-Anna Bosch) <br>\nAitona:&nbsp; <b>Octavio\nMorales<\/b> (P- Carlos Arteta) <br>\nAmona: <b>Carmen D\u00edaz<\/b> <br>\nMutikoak: <b>Alberto Bravo<\/b> <br>\nNeskatoak: <b>Mar\u00eda\nCerezo<\/b><br>\nTxiki (M): <b>Santiago Casanova<\/b><br>\nTxiki (N):<b> Tamara Lozano<\/b> <br>\nEgokituak (H): <b>Rui M. Merinho<br>\n<\/b>Egokituak (M):<b> <b>Pilar Rus<\/b> <\/b> <\/p>\n<\/td>\n<\/tr>\n<tr>\n<td colspan=\"2\" style=\"border: 0pt none ; padding: 0pt;\">&nbsp;<\/td>\n<\/tr>\n<tr>\n<td\nstyle=\"background-color: rgb(52, 57, 139); color: rgb(255, 255, 255); font-weight: bold; text-align: center;\">2004ko\nUztailaren 4an<\/td>\n<td\nstyle=\"background-color: rgb(52, 57, 139); color: rgb(255, 255, 255); font-weight: bold; text-align: center;\">2005eko\nuztailaren 3an <\/td>\n<\/tr>\n<tr>\n<td style=\"width: 419px;\">\n<p align=\"left\">Gizonezkoa: <strong>Ra\u00fal\nAmatriain<\/strong>\n(P- Fco. Javier Bayo) <br>\nEmakumezkoa: <b>Ana Gayarre<\/b>\n(P-Esther Mateo) <br>\nAitona:&nbsp; <b>Octavio\nMorales<\/b> (P- Carlos Arteta) <br>\nAmona: <b>M\u00aa Pilar Abad<\/b><br>\nMutikoak: <b>Francisco Zabalza<\/b><br>\nNeskatoak: <b>Itsaso Oloriz<\/b><br>\nTxiki (M): <b>Daniel Elizalde<\/b><br>\nTxiki (N):<b> Gabriela Zubieta<\/b> <br>\nEgokituak (M): <b>Santiago\nMosquera<\/b> <\/p>\n<\/td>\n<td style=\"width: 398px;\">\n<p align=\"left\">Gizonezkoa: <strong>Diego Ruiz <\/strong>\n(P-\nCrist\u00f3bal Galera) <br>\nEmakumezkoa: <b>Ana Gayarre<\/b> <br>\nAitona:&nbsp; <b>J. Angel\nBravo <\/b> (P- Jes\u00fas\nM\u00aa Olmo) <br>\nAmona: <b>Arantza Otxadorena <\/b><br>\nMutikoak: <b>Ayrton Azcue <\/b><br>\nNeskatoak: <b>Itsaso Oloriz<\/b><br>\nTxiki (M): <b>I\u00f1igo\nArratibel <\/b><br>\nTxiki (N):<b> Goizeder Azazeta<\/b> <br>\nEgokituak (M): <b>Rui Merinho<\/b> <b><br>\n<\/b>Egokituak (N) :<b> <b>Rosa Jaca <\/b> <\/b><\/p>\n<\/td>\n<\/tr>\n<tr>\n<td colspan=\"2\" style=\"border: 0pt none ; padding: 0pt;\">&nbsp;<\/td>\n<\/tr>\n<tr>\n<td\nstyle=\"background-color: rgb(52, 57, 139); color: rgb(255, 255, 255); font-weight: bold; text-align: center;\">2006ko\nuztailaren 2an<\/td>\n<td\nstyle=\"background-color: rgb(52, 57, 139); color: rgb(255, 255, 255); font-weight: bold; text-align: center;\">2007ko\nuztailaren 1ean <\/td>\n<\/tr>\n<tr>\n<td style=\"width: 408px;\">\n<p align=\"left\">Gizonezkoa: <strong>Luis Hualde <\/strong>\n(P-\nInazio Murillo) <br>\nEmakumezkoa: <b>Patricia Conde<\/b>\n(P-Amaia Martinez) <br>\nAitona:&nbsp; <b>Octavio\nMorales<\/b> <br>\nAmona: <b>Arantxa Otxandorena <\/b><br>\nMutikoak : <b>Jon Sansinenea<\/b><br>\nNeskatoak: <b>Gabriela Zubieta<\/b><br>\nTxiki (M): <b>I\u00f1igo de\nFrutos<\/b><br>\nTxiki (N):<b> Goizeder Azazeta<\/b> <br>\nEgokituak (M): <b>Rui Manuel\nMeirinho <\/b><b><br>\n<\/b>Egokituak (N) :<b> <b>Rosa Jaca <\/b><\/b><b> <\/b> <\/p>\n<\/td>\n<td style=\"width: 409px;\">\n<p align=\"left\">Gizonezkoa: <strong>Luis Hualde <\/strong>\n(P-\nI\u00f1igo Irazoki) <br>\nEmakumezkoa: <b>Patricia Conde <\/b>(P-\nCarmen Varela) <br>\nAitona:&nbsp; <b>Octavio\nMorales <\/b><br>\nAmona: <b>Rosa Orofino <\/b><br>\nMutikoak : <b>Jon Sansinenea<\/b><br>\nNeskatoak: <b>Gabriela Zubieta<\/b><br>\nTxiki (M): <b>Julen Imas <\/b><br>\nTxiki (N):<b> Ane Elzaurdia<\/b> <br>\nEgokituak (M): <b>Rui Meirinho<\/b> <b><br>\n<\/b>Egokituak (N) :<b> <b>Rosa Jac<\/b> <\/b><\/p>\n<\/td>\n<\/tr>\n<tr>\n<td colspan=\"2\" style=\"border: 0pt none ; padding: 0pt;\">&nbsp;<\/td>\n<\/tr>\n<tr>\n<td\nstyle=\"background-color: rgb(52, 57, 139); color: rgb(255, 255, 255); font-weight: bold; text-align: center;\">2008ko\nekainaren 29an<\/td>\n<td\nstyle=\"background-color: rgb(52, 57, 139); color: rgb(255, 255, 255); font-weight: bold; text-align: center;\">2009ko\nekainaren 28an <\/td>\n<\/tr>\n<tr>\n<td style=\"width: 408px;\">\n<p align=\"left\">Gizonezkoa: <strong>Luis Hualde <\/strong>\n(P-\nAbdelfatah Louajari) <br>\nEmakumezkoa: <b>Marta\nMu\u00f1oz <\/b>(P- Aicha\nBani) <br>\nAitona:&nbsp; <b>Jes\u00fas\nRey <\/b><br>\nAmona: <b>Rosa Orofino <\/b><br>\nMutikoak : <b>I\u00f1igo de\nFrutos <\/b><br>\nNeskatoak: <b>Ainara Urtasun <\/b><br>\nTxiki (M): <b>Julen Garcia de\nVicu\u00f1a <\/b><br>\nTxiki (N):<b> Marina San Miguel <\/b> <br>\nEgokituak (M): <b>Josu Perez<\/b><\/p>\n<\/td>\n<td style=\"width: 409px;\">\n<p align=\"left\">Gizonezkoa: <strong>Ra\u00fal\nAmatriain <\/strong>\n(P- Pablo Castiella) <br>\nEmakumezkoa: <b>Maitane Melero <\/b>(P-\nRuth Mamani) <br>\nAitona:&nbsp; <b>Alfonso Rey <\/b><br>\nAmona: <b>Pili Abad <\/b><br>\nMutikoak: <b>I\u00f1igo de\nFrutos <\/b><br>\nNeskatoak.: <b>Henar Etxeberria <\/b><br>\nTxiki (M): <b>Bruno Meoki <\/b><br>\nTxiki (N):<b> Nerea Bermejo <\/b> <br>\nEgokituak (M): <b>Iosu Pitillas <\/b><br>\nEgokituak (N): <b>Rosa Jaca<\/b><\/p>\n<\/td>\n<\/tr>\n<tr>\n<td colspan=\"2\" style=\"border: 0pt none ; padding: 0pt;\">&nbsp;<\/td>\n<\/tr>\n<tr>\n<td\nstyle=\"background-color: rgb(52, 57, 139); color: rgb(255, 255, 255); font-weight: bold; text-align: center;\">2010eko\nuztailaren 4an <\/td>\n<td\nstyle=\"background-color: rgb(52, 57, 139); color: rgb(255, 255, 255); font-weight: bold; text-align: center;\">2011eko\nekainaren 28an <\/td>\n<\/tr>\n<tr>\n<td style=\"width: 408px;\">\n<div style=\"text-align: left;\">\n<p>Gizonezkoa - <span style=\"font-weight: bold;\">Marcos Yaniz\nPejenaute<\/span><br>\nEmakumezkoa - &nbsp;<span style=\"font-weight: bold;\">Vanesa Pach\u00e1\nUrteaga<br>\n<\/span>Aitona - <span style=\"font-weight: bold;\">Kaxi\nEstarriaga Gaston<\/span><br>\nAmona - &nbsp;<span style=\"font-weight: bold;\">Rosa Orofino Iturgaitz<\/span><br>\nMutikoak - <span style=\"font-weight: bold;\">I\u00f1igo\nDefrutos\nGuerrero<\/span><br>\nNeskatoak - <span style=\"font-weight: bold;\">Henar\nEtxeberria Urkin<\/span><br>\nTxiki (M) -<span style=\"font-weight: bold;\">\nI\u00f1igo\nFernandez Martinez<\/span><br>\nTxiki (N) - <span style=\"font-weight: bold;\">Edurne\nLeon San\nMiguel<br>\n<\/span>Egokituak (G) - <span style=\"font-weight: bold;\">Rui\nMeirinho\nClaro<\/span><br>\nEgokituak (N) - <span style=\"font-weight: bold;\">Rosa Jaca Villanueva<\/span><br>\nGutxienduak (M) - <span style=\"font-weight: bold;\">Eder Goldaracena\nArlegi<\/span><br>\nGutxienduak (N) - <span style=\"font-weight: bold;\">Maite Ares\nSouto<\/span><\/p>\n<\/div>\n<\/td>\n<td style=\"width: 409px; text-align: left;\">Gizonezkoa - <span\nstyle=\"font-weight: bold;\">Ayrton Azcue Vigor<\/span><br>\nEmakumezkoa - &nbsp;<span style=\"font-weight: bold;\">Aicha Bani<br>\n<\/span>Aitona - <span style=\"font-weight: bold;\">Cesar Sanz\nMartinez<\/span><br>\nAmona - &nbsp;<span style=\"font-weight: bold;\">Itziar Ferran\nZubillaga<\/span><br>\nMutikoak - <span style=\"font-weight: bold;\">Asier\nCarrea Ramos<\/span><br>\nNeskatoak - <span style=\"font-weight: bold;\">Ines\nZugasti Asin<\/span><br>\nTxiki (M) -<span style=\"font-weight: bold;\">\nI\u00f1igo\nFernandez Martinez<\/span><br>\nTxiki (N) - <span style=\"font-weight: bold;\">Olatz\nMarguet Ferran<br>\n<\/span>Egokituak (G) - <span style=\"font-weight: bold;\">Xabier\nVillava Ariztegi<\/span><br>\nEgokituak (N) - <span style=\"font-weight: bold;\">Rosa Jaca Villanueva<\/span><br>\nGutxienduak (M) - <span style=\"font-weight: bold;\">Dennis Barbaro<\/span><br>\nGutxienduak (N) -&nbsp;<span style=\"font-weight: bold;\">Amaia\nIliundain Sola<\/span><\/td>\n<\/tr>\n<tr>\n<td colspan=\"2\" style=\"border: 0pt none ; padding: 0pt;\">&nbsp;<\/td>\n<\/tr>\n<tr>\n<td\nstyle=\"background-color: rgb(52, 57, 139); color: rgb(255, 255, 255); font-weight: bold; text-align: center;\">2012eko\nuztailaren 4an <\/td>\n<td\nstyle=\"background-color: rgb(52, 57, 139); color: rgb(255, 255, 255); font-weight: bold; text-align: center;\">2013eko\nekainaren 30an <\/td>\n<\/tr>\n<tr>\n<td>\n<div>Gizonezkoa - <span style=\"font-weight: bold;\">Ayrton Azcue\nVigor<\/span><br>\nEmakumezkoa - &nbsp;<span style=\"font-weight: bold;\">Vanesa Pacha\nUrteaga<\/span><br>\n<span style=\"font-weight: bold;\"> <\/span>Aitona - <span\nstyle=\"font-weight: bold;\">Jesus Abaigar Alzorril<\/span><br>\nAmona - &nbsp;<span style=\"font-weight: bold;\">M\u00aa Angeles\nCaravantes Lopez<\/span><br>\nMutikoak - <span style=\"font-weight: bold;\">Ivan\nRivera Oskoz<\/span><br>\nNeskatoak - <span style=\"font-weight: bold;\">Laura\nMaestu Moreno<\/span><br>\nTxiki (M) -<span style=\"font-weight: bold;\">\nI\u00f1igo\nFernandez Martinez<\/span><br>\nTxiki (N) - <span style=\"font-weight: bold;\">Anne\nGarces Martinez<\/span><br>\n<span style=\"font-weight: bold;\"> <\/span>Egokituak (G) - <span\nstyle=\"font-weight: bold;\">Iosu Pitillas Ocariz <\/span><br>\nEgokituak (N) -&nbsp;<span style=\"font-weight: bold;\"><\/span><br>\nGutxienduak (M) - <span style=\"font-weight: bold;\">Igor Urtasun\nPascual<\/span><br>\nGutxienduak (N) -&nbsp;<span style=\"font-weight: bold;\">Sophie\nGorostiaga<\/span><\/div>\n<\/td>\n<td>Gizonezkoa -&nbsp;<span style=\"font-weight: bold;\"\nclass=\"Estilo13\">David\nMartinez Garcia<\/span><br>\nEmakumezkoa - &nbsp;<span style=\"font-weight: bold;\" class=\"Estilo13\">Izaskun\nOses Ayucar<\/span><br>\n<span style=\"font-weight: bold;\"> <\/span>Aitona -&nbsp;<span\nstyle=\"font-weight: bold;\" class=\"Estilo13\">Dennis\nSuarez De La Rosa<\/span><br>\nAmona - &nbsp;<span style=\"font-weight: bold;\" class=\"Estilo13\">Nekane\nMen\u00c9ndez Baena<\/span><br>\nMutikoak -&nbsp;<span style=\"font-weight: bold;\" class=\"Estilo13\">I\u00f1aki\nInda Aragu\u00e1s<\/span><span style=\"font-weight: bold;\"><\/span><br>\nNeskatoak -&nbsp;<span style=\"font-weight: bold;\" class=\"Estilo13\">Laura\nMaestu Moreno<\/span><br>\nTxiki (M) -<span style=\"font-weight: bold;\">&nbsp;<\/span><span\nstyle=\"font-weight: bold;\" class=\"Estilo13\">Tristan\nC\u00e1rdenas\nOtel<\/span><br>\nTxiki (N) -&nbsp;<span style=\"font-weight: bold;\" class=\"Estilo13\">Saioa\nUrteaga Cilveti<\/span><br>\n<span style=\"font-weight: bold;\"> <\/span>Egokituak (G)\n-&nbsp;<span style=\"font-weight: bold;\" class=\"Estilo13\">Ruben Pascual\nCortes<\/span><span style=\"font-weight: bold;\"> <\/span><br>\nEgokituak (N) -&nbsp;<span style=\"font-weight: bold;\" class=\"Estilo13\">Saioa\nUrbina San Martin<\/span><span style=\"font-weight: bold;\"><\/span><br>\nGutxienduak (M) -&nbsp;<span style=\"font-weight: bold;\" class=\"Estilo13\">Xabier\nEcharte Ripa<\/span><span style=\"font-weight: bold;\"><\/span><br>\nGutxienduak (N) -&nbsp;<span style=\"font-weight: bold;\" class=\"Estilo13\">Eider\nDel\u00e1s San Juan<\/span><\/td>\n<\/tr>\n<tr>\n<td colspan=\"2\" style=\"border: 0pt none ; padding: 0pt;\">&nbsp;<\/td>\n<\/tr>\n<tr>\n<td\nstyle=\"background-color: rgb(52, 57, 139); color: rgb(255, 255, 255); font-weight: bold; text-align: center;\">2014eko\nekainaren 29an <\/td>\n<td\nstyle=\"background-color: rgb(52, 57, 139); color: rgb(255, 255, 255); font-weight: bold; text-align: center;\">2015eko\nekainaren 28an <\/td>\n<\/tr>\n<tr>\n<td>\n<div>Federatua (G) - <span style=\"font-weight: bold;\">Ayrton\nAzcue\nVigor<\/span><br>\nFederatua (E) -&nbsp; <span style=\"font-weight: bold;\">Ana Gayarre\nAguirre<\/span><br>\n<span style=\"font-weight: bold;\"> <\/span>Aitona - <span\nstyle=\"font-weight: bold;\">Jon Etxeberria Otaegi<\/span><br>\nAmona - &nbsp;<span style=\"font-weight: bold;\">M\u00aa Angeles\nCaravantes Lopez<\/span><br>\nGaste (G) - <span style=\"font-weight: bold;\">Ivan\nRivera Oskoz<\/span><br>\nGaste (E) - <span style=\"font-weight: bold;\">Ainara\nDonamaria Razquin<\/span><br>\nTxiki (M) -<span style=\"font-weight: bold;\">\nAnder Luis Martin<\/span><br>\nTxiki (N) - <span style=\"font-weight: bold;\">Oihane\nOrtiz Biescas<\/span><br>\n<span style=\"font-weight: bold;\"> <\/span>Egokituak (G) - <span\nstyle=\"font-weight: bold;\">Ruben Pascual Cortes <\/span><br>\nEgokituak (N) -&nbsp;<span style=\"font-weight: bold;\"><\/span><span\nstyle=\"font-weight: bold;\">Rosa Jaca Villanueva<\/span><br>\nGutxienduak (M) - <span style=\"font-weight: bold;\">Iratxo Gorostiza\nExteberria<\/span><br>\nGutxienduak (N) - <span style=\"font-weight: bold;\">Sophie Gorostiza\nMaurer<br>\n<\/span>Jaranako (G) - <span style=\"font-weight: bold;\">Alfonso\nRey Bakaikoa<\/span><br>\nJaranako (E) - <span style=\"font-weight: bold;\">Irati Alfaro Nagore<\/span><\/div>\n<\/td>\n<td>Federatua (G) - <span style=\"font-weight: bold;\">Ayrton\nAzcue\nVigor<\/span><br>\nFederatua (E) -&nbsp; <span style=\"font-weight: bold;\">Izaskun Oses\nAyucar<\/span><br>\n<span style=\"font-weight: bold;\"> <\/span>Aitona - <span\nstyle=\"font-weight: bold;\">Alberto Bakedano Arza<\/span><br>\nAmona -&nbsp; <span style=\"font-weight: bold;\">Maite Ares Souto<\/span><br>\nGaste (G) - <span style=\"font-weight: bold;\">Ivan\nLegal Perez<\/span><br>\nGaste (E) - <span style=\"font-weight: bold;\">Raquel\nEcheverria\nSanmartin<\/span><br>\nTxiki (M) -<span style=\"font-weight: bold;\">\nMikel Calvo Romo<\/span><br>\nTxiki (N) - <span style=\"font-weight: bold;\">Irati\nAlfaro Nagore<\/span><br>\n<span style=\"font-weight: bold;\"> <\/span>Egokituak (G) - <span\nstyle=\"font-weight: bold;\">Miguel Jose Perez De-paz<\/span><br>\nEgokituak (N) -&nbsp;<span style=\"font-weight: bold;\"><\/span><span\nstyle=\"font-weight: bold;\"><\/span><br>\nGutxienduak (M) - <span style=\"font-weight: bold;\">Xabier Echarte Ripa<\/span><br>\nGutxienduak (N) - <span style=\"font-weight: bold;\">Cintia Martinez\nIbero<br>\n<\/span>Jaranako (G) - <span style=\"font-weight: bold;\">I\u00f1aki\nIndurain Jimenez<\/span><br>\nJaranako (E) - <span style=\"font-weight: bold;\">Isabel Berrueta Aristu<\/span><\/td>\n<\/tr>\n<tr>\n<td colspan=\"2\" style=\"border: 0pt none ; padding: 0pt;\">&nbsp;<\/td>\n<\/tr>\n<tr>\n<td style=\"background-color: rgb(52, 57, 139); color: rgb(255, 255, 255); font-weight: bold; text-align: center;\">2016eko uztailaren 3an <\/td>\n<td style=\"background-color: rgb(52, 57, 139); color: rgb(255, 255, 255); font-weight: bold; text-align: center;\">2017eko uztailaren 2an <\/td>\n<\/tr>\n<tr>\n<td>\n<div>\nFederatua (G) - <span style=\"font-weight: bold;\">Ayrton Azcue Vigor<\/span><br>\nFederatua (E) - <span style=\"font-weight: bold;\">Helena Loyo Menoyo<\/span><br>\nAitona - <span style=\"font-weight: bold;\">Jon Etxeberria Otaegi<\/span><br>\nAmona - <span style=\"font-weight: bold;\">Sole Garc\u00eda Fern\u00e1ndez<\/span><br>\nGaste (G) -&nbsp;<span style=\"font-weight: bold;\"> Ander Lus Martin<\/span><br>\nGaste (E) -&nbsp;<span style=\"font-weight: bold;\"> Sara Manquisidor Aramberri<\/span><br>\nTxiki (M) -<span style=\"font-weight: bold;\">Asier Ayape Leoz<\/span><br>\nTxiki (N) - <span style=\"font-weight: bold;\">Irati Alfaro Nagore<\/span><br> \nEgokituak (G) - <span style=\"font-weight: bold;\"> Ruben Pascual Cortes<\/span><br>\nEgokituak (N) - <span style=\"font-weight: bold;\"><\/span><span style=\"font-weight: bold;\"> <\/span><br>\nGutxienduak (M) - <span style=\"font-weight: bold;\"> Daniel Martinez Ibero<\/span><br>\nGutxienduak (N) - <span style=\"font-weight: bold;\">Andrea Marturet Go\u00f1i<\/span><br>\nJaranako (G) - <span style=\"font-weight: bold;\">I\u00f1aki Indurain Jimenez<\/span><br>\nJaranako (E) - <span style=\"font-weight: bold;\">Amaia Armendariz Santamaria<\/span>\n<\/div>\n<\/td>\n<td>\nFederatua (G) - <span style=\"font-weight: bold;\">Ayrton Azcue Vig\u00f3n<\/span><br>\nFederatua (E) - <span style=\"font-weight: bold;\">Maitane Melero<\/span><br>\nAitona - <span style=\"font-weight: bold;\">Jon Etxeberria Otaegi<\/span><br>\nAmona - <span style=\"font-weight: bold;\">Soraya Vega Berrocal<\/span><br>\nGaste (G) - <span style=\"font-weight: bold;\">Mikel Calvo Romo<\/span><br>\nGaste (E) - <span style=\"font-weight: bold;\">Irati Alfaro Nagore<\/span><br>\nTxiki (M) - <span style=\"font-weight: bold;\">Ibai Garbayo Batuecas<\/span><br>\nTxiki (N) - <span style=\"font-weight: bold;\">Sara Arteaga Itoiz<\/span><br>\nEgokituak (G) - <span style=\"font-weight: bold;\">Gorka Pe\u00f1a Eteberria<\/span><br>\nEgokituak (N) - <span style=\"font-weight: bold;\"><\/span><spanstyle=\"font-weight: bold;\"><\/span><br>\nHandBike - <span style=\"font-weight: bold;\"> Javier Vergara Oyon<\/span><br>\nGutxienduak (M) - <span style=\"font-weight: bold;\">Asier Estarriaga<\/span><br>\nGutxienduak (N) - <span style=\"font-weight: bold;\">Andrea Marturet Go\u00f1i<\/span><br>\nJaranako (G) - <span style=\"font-weight: bold;\">Alfonso Rey Bakaikoa<\/span><br>\nJaranako (E) - <span style=\"font-weight: bold;\">Amaia Armendariz Santamaria<\/span><br>\n<\/td>\n<\/tr>\n<tr>\n<td colspan=\"1\" style=\"border: 0pt none ; padding: 0pt;\">&nbsp;<\/td>\n<\/tr>\n<tr>\n<td style=\"background-color: rgb(52, 57, 139); color: rgb(255, 255, 255); font-weight: bold; text-align: center;\">2018eko uztailaren 1an <\/td>\n<td style=\"background-color: rgb(52, 57, 139); color: rgb(255, 255, 255); font-weight: bold; text-align: center;\">2019eko ekainaren 30an<\/td>\n<td style=\"border: 0pt none ;\">&nbsp;<\/td>\n<\/tr>\n<tr>\n<td>\n<div>\nFederatua (G) - <span style=\"font-weight: bold;\">Ayrton Azcue Vigor<\/span><br>\nFederatua (E) - <span style=\"font-weight: bold;\">Alicia Carrera Hernandez<\/span><br>\nAitona - <span style=\"font-weight: bold;\">Jorge Mariscal Diaz-Emparanza<\/span><br>\nAmona - <span style=\"font-weight: bold;\">Maria Angeles Caravantes Lopez<\/span><br>\nGaste (G) -&nbsp;<span style=\"font-weight: bold;\">Txema Berrueta Aristu<\/span><br>\nGaste (E) -&nbsp;<span style=\"font-weight: bold;\">Irati Alfaro Nagore<\/span><br>\nTxiki (M) -<span style=\"font-weight: bold;\">Iker Ca\u00f1o Calvo<\/span><br>\nTxiki (N) - <span style=\"font-weight: bold;\">Laila Arizcure Martinez<\/span><br> \nEgokituak (G) - <span style=\"font-weight: bold;\">Cristian Castro Barcena<\/span><br>\nEgokituak (N) - <span style=\"font-weight: bold;\">Tania Castillo Cuesta<\/span><br>\nHandBike - <span style=\"font-weight: bold;\">I\u00f1igo Martiartu Tapiz<\/span><br>\nGutxienduak (M) - <span style=\"font-weight: bold;\">Alberto Mauleon de Izco<\/span><br>\nGutxienduak (N) - <span style=\"font-weight: bold;\">Irati Cuadrado Noain<\/span><br>\nJaranako (G) - <span style=\"font-weight: bold;\">I\u00f1aki Indurain Jimenez<\/span><br>\nJaranako (E) - <span style=\"font-weight: bold;\">Irune Gonzalez Larraya<\/span>\n<\/div>\n<\/td>\n     <td>\n      <div>Federatua (G) - <span style=\"font-weight: bold;\">Ayrton\nAzcue Vigor<\/span><br>\nFederatua (E) - <span style=\"font-weight: bold;\">Aitana\nGil Perez<\/span><br>\nAitona - <span style=\"font-weight: bold;\">Gerardo\nClemente Quilez<\/span><br>\nAmona - <span style=\"font-weight: bold;\">Maite Ares Souto<\/span><br>\nGaste (G) -&nbsp;<span style=\"font-weight: bold;\">Unax\nChocarro Beroiz<\/span><br>\nGaste (E) -&nbsp;<span style=\"font-weight: bold;\">Veronica\nCa&ntilde;o Calvo<\/span><br>\nTxiki (M) -<span style=\"font-weight: bold;\">Xabier Arraiza\nMend&iacute;vil<\/span><br>\nTxiki (N) - <span style=\"font-weight: bold;\">Sara Carrato\nIzuel<\/span><br>\nEgokituak (G) - <span style=\"font-weight: bold;\">Gabriel\nLarrayoz Legarra<\/span><br>\nEgokituak (N) - <span style=\"font-weight: bold;\"><\/span><br>\nHandBike - <span style=\"font-weight: bold;\">Txema Asensio\nMartinez<\/span><br>\nGutxienduak (M) - <span style=\"font-weight: bold;\">Javier\nMartinez Martinez<\/span><br>\nGutxienduak (N) - <span style=\"font-weight: bold;\">Maialen\nLoyo Menoyo<\/span><br>\nJaranako (G) - <span style=\"font-weight: bold;\"> Javi\nJimenez Flor<\/span><br>\nJaranako (E) - <span style=\"font-weight: bold;\">Isabel\nBerrueta Aristu<\/span>\n      <\/div>\n      <\/td>\n<\/tr>\n    <tr>\n      <td\n style=\"background-color: rgb(52, 57, 139); color: rgb(255, 255, 255); font-weight: bold; text-align: center;\">2022eko\nuztailaren 3an <\/td>\n      <td\n style=\"background-color: rgb(52, 57, 139); color: rgb(255, 255, 255); font-weight: bold; text-align: center;\">2023eko&nbsp;uztailaren\n2an<\/td>\n      <td style=\"border: 0pt none ;\">&nbsp;<\/td>\n    <\/tr>\n    <tr>\n      <td>\n      <div>Federatua (G) -&nbsp;<span\n style=\"font-weight: bold;\">Mikel Calvo Romo<\/span><br>\nFederatua (E) -&nbsp;<span style=\"font-weight: bold;\">Sara\nPrados Ugarte<\/span><br>\nAitona -&nbsp;<span style=\"font-weight: bold;\">Alberto\nAzparren Telleria<\/span><br>\nAmona -&nbsp;<span style=\"font-weight: bold;\">Angela\nBernardini<\/span><br>\nGaste (G) -&nbsp;<span style=\"font-weight: bold;\">Aimar\nDome&ntilde;o Osaba<\/span><br>\nGaste (E) -&nbsp;<span style=\"font-weight: bold;\">Susana\nGonzalez El Busto<\/span><br>\nTxiki (M) -<span style=\"font-weight: bold;\"> Aritz\nGoikoetxea Lopez<\/span><span style=\"font-weight: bold;\"><\/span><br>\nTxiki (N) -&nbsp;<span style=\"font-weight: bold;\">Maren\nEtxeberria Lizarralde<\/span><br>\nEgokituak (G) -&nbsp;<span style=\"font-weight: bold;\">Ruben\nPascual Cortes<\/span><br>\nEgokituak (N) -<span style=\"font-weight: bold;\"> Saioa\nUrbina San Martin <\/span><span style=\"font-weight: bold;\"><\/span><br>\nHandBike -&nbsp;<span style=\"font-weight: bold;\">Mikel\nBidaurre Barandalla<\/span><br>\nGutxienduak (M) -&nbsp;<span style=\"font-weight: bold;\">Igor\nUrtasun Pascual<\/span><br>\nGutxienduak (N) -<span style=\"font-weight: bold;\"> Maider\nJimeno Nieva<\/span><span style=\"font-weight: bold;\"><\/span><br>\nJaranako (G) -&nbsp;<span style=\"font-weight: bold;\">Txema\nBerrueta Aristu<\/span><br>\nJaranako (E) -<span style=\"font-weight: bold;\"> Eider\nGoikoa Muniain<\/span><span style=\"font-weight: bold;\"><\/span>\n      <\/div>\n      <\/td>\n      <td>\n      <div>Federatua (G) -&nbsp;<span\n style=\"font-weight: bold;\">Abdelkader Al Gham<\/span><br>\nFederatua (E) -&nbsp;<span style=\"font-weight: bold;\">Alicia\nCarrera<\/span><br>\nAitona -&nbsp;<span style=\"font-weight: bold;\">David\nPalomo Del Rosario<\/span><br>\nAmona -&nbsp;<span style=\"font-weight: bold;\">Vanessa\nPacha Urteaga<\/span><br>\nGaste (G) -&nbsp;<span style=\"font-weight: bold;\">Miguel\nGallastegui Mart&iacute;nez<\/span><br>\nGaste (E) -&nbsp;<span style=\"font-weight: bold;\">Maren\nEtxeberria Lizarralde<\/span><br>\nTxiki (M) -<span style=\"font-weight: bold;\">Martin\nArguelles Garcia<\/span><br>\nTxiki (N) -&nbsp;<span style=\"font-weight: bold;\">Valeria\nErviti Jimenez<\/span><br>\nEgokituak (G) -<span style=\"font-weight: bold;\"> Antonio\nPerez Vivar<\/span><span style=\"font-weight: bold;\"><\/span><br>\nEgokituak (N) - <span style=\"font-weight: bold;\"><\/span><br>\nHandBike -&nbsp;<span style=\"font-weight: bold;\"><\/span><br>\nGutxienduak (M) -&nbsp;<span style=\"font-weight: bold;\">Adur\nSenar Asurabarrena<\/span><br>\nGutxienduak (N) -&nbsp;<span style=\"font-weight: bold;\">Maider\nJimeno Nieva<\/span><br>\nJaranako (G) -&nbsp;<span style=\"font-weight: bold;\">Alfonso\nRey Bakaikoa<\/span><br>\nJaranako (E) -&nbsp;<span style=\"font-weight: bold;\">Saioa\nCenoz Lerin<\/span>\n      <\/div>\n      <\/td>\n    <\/tr>\n    <tr>\n      <td colspan=\"1\" style=\"border: 0pt none ; padding: 0pt;\">&nbsp;<\/td>\n    <\/tr>\n    <tr>\n      <td\n style=\"background-color: rgb(52, 57, 139); color: rgb(255, 255, 255); font-weight: bold; text-align: center;\">2024eko\nekainaren 30an <\/td>\n      <td\n style=\"background-color: rgb(52, 57, 139); color: rgb(255, 255, 255); font-weight: bold; text-align: center;\">2025eko\nekainaren\n29an<\/td>\n      <td style=\"border: 0pt none ;\">&nbsp;<\/td>\n    <\/tr>\n    <tr>\n      <td>\n      <div>Federatua (G) -&nbsp;<span\n style=\"font-weight: bold;\">Unax Chocarro Beroiz<\/span><span\n style=\"font-weight: bold;\"><\/span><br>\nFederatua (E) -&nbsp;<span style=\"font-weight: bold;\">MartaFern&aacute;ndez\nArrizabalaga<\/span><span style=\"font-weight: bold;\"><\/span><br>\nAitona -&nbsp;<span style=\"font-weight: bold;\">Alberto\nAzparren Telleria <\/span><span style=\"font-weight: bold;\"><\/span><br>\nAmona -&nbsp;<span style=\"font-weight: bold;\">Ainhoa\nAmat Remirez <\/span><span style=\"font-weight: bold;\"><\/span><br>\nGaste (G) -&nbsp;<span style=\"font-weight: bold;\">Izan\nLazaro Reinares<\/span><span style=\"font-weight: bold;\"><\/span><br>\nGaste (E) -&nbsp;<span style=\"font-weight: bold;\">Idoia\nRazquin Anaut<\/span><span style=\"font-weight: bold;\"><\/span><br>\nTxiki (M) -&nbsp;<span style=\"font-weight: bold;\">Ibai\nIrazoki Mu&ntilde;<\/span><span style=\"font-weight: bold;\"><\/span><br>\nTxiki (N) -&nbsp;<span style=\"font-weight: bold;\">Lucia\nRazquin Anaut<\/span><span style=\"font-weight: bold;\"><\/span><br>\nEgokituak (G) -&nbsp;<span style=\"font-weight: bold;\">Cristian\nCastro Barcena<\/span><span style=\"font-weight: bold;\"><\/span><br>\nEgokituak (N) -&nbsp;<span style=\"font-weight: bold;\">&Aacute;ngela\nDe Miguel Prieta<\/span><span style=\"font-weight: bold;\"><\/span><br>\nHandBike -&nbsp;<span style=\"font-weight: bold;\"><\/span><br>\nGutxienduak (M) -&nbsp;<span style=\"font-weight: bold;\">Iker\nLopez Brocal<\/span><span style=\"font-weight: bold;\"><\/span><br>\nGutxienduak (N) -&nbsp;<span style=\"font-weight: bold;\">Andrea\nMarturet Go&ntilde;<\/span><span style=\"font-weight: bold;\"><\/span><br>\nJaranako (G) -&nbsp;<span style=\"font-weight: bold;\">Txema\nBerrueta Aristu<\/span><span style=\"font-weight: bold;\"><\/span><br>\nJaranako (E) -&nbsp;<span style=\"font-weight: bold;\">Paula\nIndurain Mutilva<\/span><span style=\"font-weight: bold;\"><\/span><br>\n      <\/div>\n      <\/td>\n      <td>\n      <div>Federatua (G) -&nbsp;<span\n style=\"font-weight: bold;\"><\/span><br>\nFederatua (E) -&nbsp;<span style=\"font-weight: bold;\"><\/span><br>\nAitona -&nbsp;<span style=\"font-weight: bold;\"><\/span><br>\nAmona -&nbsp;<span style=\"font-weight: bold;\"><\/span><br>\nGaste (G) -&nbsp;<span style=\"font-weight: bold;\"><\/span><br>\nGaste (E) -&nbsp;<span style=\"font-weight: bold;\"><\/span><br>\nTxiki (M) -<span style=\"font-weight: bold;\"><\/span><br>\nTxiki (N) -&nbsp;<span style=\"font-weight: bold;\"><\/span><br>\nEgokituak (G) -<span style=\"font-weight: bold;\"><\/span><span\n style=\"font-weight: bold;\"><\/span><br>\nEgokituak (N) - <span style=\"font-weight: bold;\"><\/span><br>\nHandBike -&nbsp;<span style=\"font-weight: bold;\"><\/span><br>\nGutxienduak (M) -&nbsp;<span style=\"font-weight: bold;\"><\/span><br>\nGutxienduak (N) -&nbsp;<span style=\"font-weight: bold;\"><\/span><br>\nJaranako (G) -&nbsp;<span style=\"font-weight: bold;\"><\/span><br>\nJaranako (E) -&nbsp;<span style=\"font-weight: bold;\"><\/span>\n      <\/div>\n      <\/td>\n    <\/tr>\n<\/tbody>\n<\/table><\/div>\n\t\t<\/div><\/div><\/div><\/div>","protected":false},"excerpt":{"rendered":"<p>1967ko Uztailaren 2a 1971ko Azaroaren 28a Jes\u00fas M\u00aa&nbsp; Azcona&nbsp; Enrique S\u00e1nchez Sacrist\u00e1n Pop-(Jes\u00fas M. Gast\u00f3n) &nbsp; 1980ko Martxoaren 30a 1982ko Maiatzaren 16a Gizonezkoa: Jes\u00fas Armend\u00e1riz Emakumezkoa: Ana Isabel Oqui\u00f1ena Aitona:&nbsp; Jos\u00e9 L. Biurrun Gizonezkoa: Enrique S.Sacrist\u00e1n Emakumezkoa: Luisa M. Bustamante Aitona:&nbsp; Jos\u00e9 L. Biurrun &nbsp; 1987ko Ekainaren 28a 1988ko Uztailaren 3a Gizonezkoa: Enrique S\u00e1nchez Sacrist\u00e1n [&hellip;]<\/p>\n","protected":false},"author":1,"featured_media":0,"parent":0,"menu_order":0,"comment_status":"open","ping_status":"open","template":"template-full-width.php","meta":{"footnotes":""},"class_list":["post-603","page","type-page","status-publish","hentry"],"_links":{"self":[{"href":"https:\/\/carreraencierro.com\/carrera-del-encierro\/wp-json\/wp\/v2\/pages\/603","targetHints":{"allow":["GET"]}}],"collection":[{"href":"https:\/\/carreraencierro.com\/carrera-del-encierro\/wp-json\/wp\/v2\/pages"}],"about":[{"href":"https:\/\/carreraencierro.com\/carrera-del-encierro\/wp-json\/wp\/v2\/types\/page"}],"author":[{"embeddable":true,"href":"https:\/\/carreraencierro.com\/carrera-del-encierro\/wp-json\/wp\/v2\/users\/1"}],"replies":[{"embeddable":true,"href":"https:\/\/carreraencierro.com\/carrera-del-encierro\/wp-json\/wp\/v2\/comments?post=603"}],"version-history":[{"count":20,"href":"https:\/\/carreraencierro.com\/carrera-del-encierro\/wp-json\/wp\/v2\/pages\/603\/revisions"}],"predecessor-version":[{"id":4364,"href":"https:\/\/carreraencierro.com\/carrera-del-encierro\/wp-json\/wp\/v2\/pages\/603\/revisions\/4364"}],"wp:attachment":[{"href":"https:\/\/carreraencierro.com\/carrera-del-encierro\/wp-json\/wp\/v2\/media?parent=603"}],"curies":[{"name":"wp","href":"https:\/\/api.w.org\/{rel}","templated":true}]}}